{"id":186,"date":"2023-07-29T21:31:21","date_gmt":"2023-07-29T21:31:21","guid":{"rendered":"http:\/\/test.diorama.ch\/?page_id=186"},"modified":"2024-09-25T16:27:29","modified_gmt":"2024-09-25T14:27:29","slug":"weihnachtskrippe","status":"publish","type":"page","link":"https:\/\/www.diorama.ch\/diorama\/weihnachtskrippe\/","title":{"rendered":"Weihnachtskrippe"},"content":{"rendered":"\t\t<div data-elementor-type=\"wp-page\" data-elementor-id=\"186\" class=\"elementor elementor-186\" data-elementor-post-type=\"page\">\n\t\t\t\t<div class=\"elementor-element elementor-element-453ad72 e-con-full elementor-hidden-mobile e-flex e-con e-parent\" data-id=\"453ad72\" data-element_type=\"container\" data-e-type=\"container\" data-settings=\"{&quot;background_background&quot;:&quot;classic&quot;,&quot;animation&quot;:&quot;none&quot;}\">\n\t\t\t\t<\/div>\n\t\t<div class=\"elementor-element elementor-element-4e91e15 e-flex e-con-boxed e-con e-parent\" data-id=\"4e91e15\" data-element_type=\"container\" data-e-type=\"container\">\n\t\t\t\t\t<div class=\"e-con-inner\">\n\t\t<div class=\"elementor-element elementor-element-c0e27c8 e-flex e-con-boxed e-con e-child\" data-id=\"c0e27c8\" data-element_type=\"container\" data-e-type=\"container\">\n\t\t\t\t\t<div class=\"e-con-inner\">\n\t\t\t\t<div class=\"elementor-element elementor-element-68308c7 elementor-widget elementor-widget-heading\" data-id=\"68308c7\" data-element_type=\"widget\" data-e-type=\"widget\" data-widget_type=\"heading.default\">\n\t\t\t\t<div class=\"elementor-widget-container\">\n\t\t\t\t\t<h1 class=\"elementor-heading-title elementor-size-default\">Die Weihnachtskrippe<\/h1>\t\t\t\t<\/div>\n\t\t\t\t<\/div>\n\t\t\t\t<div class=\"elementor-element elementor-element-a60da6f elementor-widget elementor-widget-heading\" data-id=\"a60da6f\" data-element_type=\"widget\" data-e-type=\"widget\" data-widget_type=\"heading.default\">\n\t\t\t\t<div class=\"elementor-widget-container\">\n\t\t\t\t\t<h2 class=\"elementor-heading-title elementor-size-default\">Handgeschnitzte Figuren, historische Alltagszenen und biblische Opulenz<\/h2>\t\t\t\t<\/div>\n\t\t\t\t<\/div>\n\t\t\t\t<div class=\"elementor-element elementor-element-98a89d1 elementor-widget elementor-widget-text-editor\" data-id=\"98a89d1\" data-element_type=\"widget\" data-e-type=\"widget\" data-widget_type=\"text-editor.default\">\n\t\t\t\t<div class=\"elementor-widget-container\">\n\t\t\t\t\t\t\t\t\t<p>Die Darstellung ist in vier Episoden eingeteilt:<\/p><ol class=\"ol1\"><li class=\"li2\"><b><\/b><span class=\"s1\"><b>Die Szenerie beginnt mit dem Hirtenfeld, wo die Engel die Geburt Christi verk\u00fcnden.<\/b><\/span><\/li><li class=\"li2\"><b><\/b><span class=\"s1\"><b>In der Mitte ist die Geburtsh\u00f6hle mit Maria, Joseph und dem Jesuskind.<\/b><\/span><\/li><li class=\"li2\"><b><\/b><span class=\"s1\"><b>Es folgt die Ankunft der Heiligen Drei K\u00f6nige und ihrer Karawane.<\/b><\/span><\/li><li class=\"li2\"><b><\/b><span class=\"s1\"><b>Die Geschichte endet mit der Flucht der Heiligen Familie nach \u00c4gypten.<\/b><\/span><\/li><\/ol>\t\t\t\t\t\t\t\t<\/div>\n\t\t\t\t<\/div>\n\t\t\t\t\t<\/div>\n\t\t\t\t<\/div>\n\t\t<div class=\"elementor-element elementor-element-03d48b9 e-flex e-con-boxed e-con e-child\" data-id=\"03d48b9\" data-element_type=\"container\" data-e-type=\"container\">\n\t\t\t\t\t<div class=\"e-con-inner\">\n\t\t<div class=\"elementor-element elementor-element-616d5e2 e-flex e-con-boxed e-con e-child\" data-id=\"616d5e2\" data-element_type=\"container\" data-e-type=\"container\" data-settings=\"{&quot;animation&quot;:&quot;none&quot;}\">\n\t\t\t\t\t<div class=\"e-con-inner\">\n\t\t\t\t<div class=\"elementor-element elementor-element-6d36d6c elementor-widget elementor-widget-text-editor\" data-id=\"6d36d6c\" data-element_type=\"widget\" data-e-type=\"widget\" data-widget_type=\"text-editor.default\">\n\t\t\t\t<div class=\"elementor-widget-container\">\n\t\t\t\t\t\t\t\t\t<p class=\"p1\">Multimedia, Touchscreens und Interaktivit\u00e4t gibt es hier nicht, daf\u00fcr ein \u00fcberw\u00e4ltigendes analoges Erlebnis. Sie tauchen ein in die Welt vor 2000 Jahren. Die Szenerie zeigt 470 Figuren auf 80 Quadratmetern Fl\u00e4che und vor 30 Metern gemaltem Hintergrund. Die Kombination von plastischer Darstellung und gemaltem Hintergrund erzeugt eine Illusion von Weite. Sie werden mitten ins alte Jud\u00e4a hineinversetzt, in die Gegend von Bethlehem.<\/p><p class=\"p1\">Historische Alltagszenen wie die Aussaat auf dem Feld oder das Wasserholen aus dem Brunnen betten die Geschichte um die heilige Familie ein. F\u00fcr die Drei K\u00f6nige wird hingegen eine opulente Darstellung gew\u00e4hlt: im Wind rauschende Seidenfahnen, ein Prunkschirm, ein Elefant mit einem Thronsitz und Frauen unter einem Sonnenzelt auf einem Dromedar.<\/p>\t\t\t\t\t\t\t\t<\/div>\n\t\t\t\t<\/div>\n\t\t<div class=\"elementor-element elementor-element-e51022c e-con-full e-flex e-con e-child\" data-id=\"e51022c\" data-element_type=\"container\" data-e-type=\"container\" data-settings=\"{&quot;background_background&quot;:&quot;classic&quot;,&quot;animation&quot;:&quot;none&quot;}\">\n\t\t\t\t<\/div>\n\t\t\t\t\t<\/div>\n\t\t\t\t<\/div>\n\t\t\t\t\t<\/div>\n\t\t\t\t<\/div>\n\t\t<div class=\"elementor-element elementor-element-bfa1e21 e-con-full e-flex e-con e-child\" data-id=\"bfa1e21\" data-element_type=\"container\" data-e-type=\"container\">\n\t\t<div class=\"elementor-element elementor-element-e92e160 e-flex e-con-boxed e-con e-child\" data-id=\"e92e160\" data-element_type=\"container\" data-e-type=\"container\">\n\t\t\t\t\t<div class=\"e-con-inner\">\n\t\t\t\t<div class=\"elementor-element elementor-element-2e48bec elementor-widget elementor-widget-text-editor\" data-id=\"2e48bec\" data-element_type=\"widget\" data-e-type=\"widget\" data-widget_type=\"text-editor.default\">\n\t\t\t\t<div class=\"elementor-widget-container\">\n\t\t\t\t\t\t\t\t\t<h3 class=\"p1\">Das H\u00f6rspiel zur Krippendarstellung<\/h3>\t\t\t\t\t\t\t\t<\/div>\n\t\t\t\t<\/div>\n\t\t<div class=\"elementor-element elementor-element-4ada13e e-con-full e-flex e-con e-child\" data-id=\"4ada13e\" data-element_type=\"container\" data-e-type=\"container\">\n\t\t\t\t<div class=\"elementor-element elementor-element-ba83ed4 elementor-widget elementor-widget-wp-widget-media_audio\" data-id=\"ba83ed4\" data-element_type=\"widget\" data-e-type=\"widget\" data-widget_type=\"wp-widget-media_audio.default\">\n\t\t\t\t<div class=\"elementor-widget-container\">\n\t\t\t\t\t<audio class=\"wp-audio-shortcode\" id=\"audio-186-1\" preload=\"none\" style=\"width: 100%;\" controls=\"controls\"><source type=\"audio\/mpeg\" src=\"https:\/\/www.diorama.ch\/diorama\/wp-content\/uploads\/2024\/01\/DioramaMixDe.mp3?_=1\" \/><source type=\"audio\/mpeg\" src=\"https:\/\/www.diorama.ch\/diorama\/wp-content\/uploads\/2024\/01\/DioramaMixDe.mp3?_=1\" \/><a href=\"https:\/\/www.diorama.ch\/diorama\/wp-content\/uploads\/2024\/01\/DioramaMixDe.mp3\">https:\/\/www.diorama.ch\/diorama\/wp-content\/uploads\/2024\/01\/DioramaMixDe.mp3<\/a><\/audio>\t\t\t\t<\/div>\n\t\t\t\t<\/div>\n\t\t\t\t<div class=\"elementor-element elementor-element-a8182fe elementor-widget elementor-widget-text-editor\" data-id=\"a8182fe\" data-element_type=\"widget\" data-e-type=\"widget\" data-widget_type=\"text-editor.default\">\n\t\t\t\t<div class=\"elementor-widget-container\">\n\t\t\t\t\t\t\t\t\t<p><strong>Deutsche Version<\/strong> gesprochen von Oscar Sales Bingisser <a href=\"https:\/\/www.bingisser.net\/\" target=\"_blank\" rel=\"noopener\">www.bingisser.net<\/a><\/p>\t\t\t\t\t\t\t\t<\/div>\n\t\t\t\t<\/div>\n\t\t\t\t<\/div>\n\t\t<div class=\"elementor-element elementor-element-16a5179 e-flex e-con-boxed e-con e-child\" data-id=\"16a5179\" data-element_type=\"container\" data-e-type=\"container\">\n\t\t\t\t\t<div class=\"e-con-inner\">\n\t\t<div class=\"elementor-element elementor-element-59f9b9a e-flex e-con-boxed e-con e-child\" data-id=\"59f9b9a\" data-element_type=\"container\" data-e-type=\"container\">\n\t\t\t\t\t<div class=\"e-con-inner\">\n\t\t\t\t<div class=\"elementor-element elementor-element-bcb1cc0 elementor-widget elementor-widget-wp-widget-media_audio\" data-id=\"bcb1cc0\" data-element_type=\"widget\" data-e-type=\"widget\" data-widget_type=\"wp-widget-media_audio.default\">\n\t\t\t\t<div class=\"elementor-widget-container\">\n\t\t\t\t\t<audio class=\"wp-audio-shortcode\" id=\"audio-186-2\" preload=\"none\" style=\"width: 100%;\" controls=\"controls\"><source type=\"audio\/mpeg\" src=\"https:\/\/www.diorama.ch\/diorama\/wp-content\/uploads\/2024\/01\/DioramaMixEn.mp3?_=2\" \/><source type=\"audio\/mpeg\" src=\"https:\/\/www.diorama.ch\/diorama\/wp-content\/uploads\/2024\/01\/DioramaMixEn.mp3?_=2\" \/><a href=\"https:\/\/www.diorama.ch\/diorama\/wp-content\/uploads\/2024\/01\/DioramaMixEn.mp3\">https:\/\/www.diorama.ch\/diorama\/wp-content\/uploads\/2024\/01\/DioramaMixEn.mp3<\/a><\/audio>\t\t\t\t<\/div>\n\t\t\t\t<\/div>\n\t\t\t\t<div class=\"elementor-element elementor-element-0d8115b elementor-widget elementor-widget-text-editor\" data-id=\"0d8115b\" data-element_type=\"widget\" data-e-type=\"widget\" data-widget_type=\"text-editor.default\">\n\t\t\t\t<div class=\"elementor-widget-container\">\n\t\t\t\t\t\t\t\t\t<p><strong>Englische Version<\/strong> gesprochen von Stefan Kollmus<\/p>\t\t\t\t\t\t\t\t<\/div>\n\t\t\t\t<\/div>\n\t\t\t\t\t<\/div>\n\t\t\t\t<\/div>\n\t\t\t\t\t<\/div>\n\t\t\t\t<\/div>\n\t\t\t\t\t<\/div>\n\t\t\t\t<\/div>\n\t\t\t\t<\/div>\n\t\t\t\t\t<\/div>\n\t\t\t\t<\/div>\n\t\t<div class=\"elementor-element elementor-element-ae3b27e e-flex e-con-boxed e-con e-parent\" data-id=\"ae3b27e\" data-element_type=\"container\" data-e-type=\"container\" data-settings=\"{&quot;background_background&quot;:&quot;classic&quot;}\">\n\t\t\t\t\t<div class=\"e-con-inner\">\n\t\t\t\t\t<\/div>\n\t\t\t\t<\/div>\n\t\t<div class=\"elementor-element elementor-element-2417eeb e-flex e-con-boxed e-con e-parent\" data-id=\"2417eeb\" data-element_type=\"container\" data-e-type=\"container\">\n\t\t\t\t\t<div class=\"e-con-inner\">\n\t\t<div class=\"elementor-element elementor-element-0cd83e2 e-flex e-con-boxed e-con e-child\" data-id=\"0cd83e2\" data-element_type=\"container\" data-e-type=\"container\">\n\t\t\t\t\t<div class=\"e-con-inner\">\n\t\t\t\t<div class=\"elementor-element elementor-element-a0d8e0b elementor-widget elementor-widget-heading\" data-id=\"a0d8e0b\" data-element_type=\"widget\" data-e-type=\"widget\" data-widget_type=\"heading.default\">\n\t\t\t\t<div class=\"elementor-widget-container\">\n\t\t\t\t\t<h2 class=\"elementor-heading-title elementor-size-default\">Wie die Krippe entstand<\/h2>\t\t\t\t<\/div>\n\t\t\t\t<\/div>\n\t\t\t\t<div class=\"elementor-element elementor-element-094b5ea elementor-widget elementor-widget-text-editor\" data-id=\"094b5ea\" data-element_type=\"widget\" data-e-type=\"widget\" data-widget_type=\"text-editor.default\">\n\t\t\t\t<div class=\"elementor-widget-container\">\n\t\t\t\t\t\t\t\t\t<p class=\"p1\">In den 1930er-Jahren fertigt der S\u00fcdtiroler Krippenschnitzer Ferdinand P\u00f6ttmesser eine Krippe mit Hunderten von Figuren, mit denen er im Jahre 1952 nach Einsiedeln reist. Er findet im Dorf K\u00e4ufer f\u00fcr Krippe und Figuren. Mutig ist der Plan, f\u00fcr die \u00fcber 500 Figuren ein eigenes Haus zu bauen. Tats\u00e4chlich findet 1954 die feierliche Er\u00f6ffnung des Geb\u00e4udes f\u00fcr die Krippe statt, das DIORAMA.<\/p><p class=\"p1\">Wilhelm D\u00f6derlein, Konservator am Bayrischen Nationalmuseum in M\u00fcnchen, entwarf das Gesamtkonzept f\u00fcr das DIORAMA. Die plastische Landschaft wurde vom M\u00fcnchner Bildhauer Reinhold Zellner gestaltet; den Hintergrund malte der Kunstmaler Bartholom\u00e4us Wappmannsberger.<\/p><p class=\"p1\">Das Fassadengem\u00e4lde an der Vorderseite des DIORAMAs, eine Karte von Jud\u00e4a,<span class=\"Apple-converted-space\">\u00a0 <\/span>malte Bartholom\u00e4us Wappmannsberger im Jahre 1958.<\/p>\t\t\t\t\t\t\t\t<\/div>\n\t\t\t\t<\/div>\n\t\t\t\t\t<\/div>\n\t\t\t\t<\/div>\n\t\t\t\t\t<\/div>\n\t\t\t\t<\/div>\n\t\t<div class=\"elementor-element elementor-element-9cc70e8 e-flex e-con-boxed e-con e-parent\" data-id=\"9cc70e8\" data-element_type=\"container\" data-e-type=\"container\" data-settings=\"{&quot;background_background&quot;:&quot;classic&quot;}\">\n\t\t\t\t\t<div class=\"e-con-inner\">\n\t\t\t\t\t<\/div>\n\t\t\t\t<\/div>\n\t\t<div class=\"elementor-element elementor-element-35712b9 e-flex e-con-boxed e-con e-parent\" data-id=\"35712b9\" data-element_type=\"container\" data-e-type=\"container\">\n\t\t\t\t\t<div class=\"e-con-inner\">\n\t\t<div class=\"elementor-element elementor-element-7ff4e62 e-flex e-con-boxed e-con e-child\" data-id=\"7ff4e62\" data-element_type=\"container\" data-e-type=\"container\">\n\t\t\t\t\t<div class=\"e-con-inner\">\n\t\t\t\t<div class=\"elementor-element elementor-element-e95b9c2 elementor-widget elementor-widget-heading\" data-id=\"e95b9c2\" data-element_type=\"widget\" data-e-type=\"widget\" data-widget_type=\"heading.default\">\n\t\t\t\t<div class=\"elementor-widget-container\">\n\t\t\t\t\t<h2 class=\"elementor-heading-title elementor-size-default\">Die K\u00fcnstler<\/h2>\t\t\t\t<\/div>\n\t\t\t\t<\/div>\n\t\t\t\t<div class=\"elementor-element elementor-element-3ff74a4 elementor-widget elementor-widget-text-editor\" data-id=\"3ff74a4\" data-element_type=\"widget\" data-e-type=\"widget\" data-widget_type=\"text-editor.default\">\n\t\t\t\t<div class=\"elementor-widget-container\">\n\t\t\t\t\t\t\t\t\t<p class=\"p1\"><strong>Die Krippe im DIORAMA ist das Werk einer Gruppe von K\u00fcnstlern, die dank<span class=\"Apple-converted-space\">\u00a0<\/span>Professionalit\u00e4t und ausgezeichneter Zusammenarbeit auf eindr\u00fcckliche Art die bekannte Weihnachtsgeschichte zum Leben erweckten.<\/strong><\/p>\t\t\t\t\t\t\t\t<\/div>\n\t\t\t\t<\/div>\n\t\t\t\t\t<\/div>\n\t\t\t\t<\/div>\n\t\t<div class=\"elementor-element elementor-element-1ac9282 e-flex e-con-boxed e-con e-child\" data-id=\"1ac9282\" data-element_type=\"container\" data-e-type=\"container\" data-settings=\"{&quot;animation&quot;:&quot;none&quot;}\">\n\t\t\t\t\t<div class=\"e-con-inner\">\n\t\t\t\t<div class=\"elementor-element elementor-element-d0121d7 elementor-widget__width-initial elementor-widget elementor-widget-image\" data-id=\"d0121d7\" data-element_type=\"widget\" data-e-type=\"widget\" data-settings=\"{&quot;_animation&quot;:&quot;none&quot;}\" data-widget_type=\"image.default\">\n\t\t\t\t<div class=\"elementor-widget-container\">\n\t\t\t\t\t\t\t\t\t\t\t\t\t\t\t<img decoding=\"async\" width=\"150\" height=\"182\" src=\"https:\/\/www.diorama.ch\/diorama\/wp-content\/uploads\/2023\/08\/ferdinand-poettmesser.jpeg\" class=\"attachment-large size-large wp-image-333\" alt=\"Ferdinand P\u00c3\u0192\u00c6\u2019\u00c3\u201a\u00c2\u00b6ttmesser\" \/>\t\t\t\t\t\t\t\t\t\t\t\t\t\t\t<\/div>\n\t\t\t\t<\/div>\n\t\t<div class=\"elementor-element elementor-element-632ce65 e-flex e-con-boxed e-con e-child\" data-id=\"632ce65\" data-element_type=\"container\" data-e-type=\"container\" data-settings=\"{&quot;animation&quot;:&quot;none&quot;}\">\n\t\t\t\t\t<div class=\"e-con-inner\">\n\t\t\t\t<div class=\"elementor-element elementor-element-9f7ebc0 elementor-widget elementor-widget-heading\" data-id=\"9f7ebc0\" data-element_type=\"widget\" data-e-type=\"widget\" data-widget_type=\"heading.default\">\n\t\t\t\t<div class=\"elementor-widget-container\">\n\t\t\t\t\t<h2 class=\"elementor-heading-title elementor-size-default\">Ferdinand P\u00f6ttmesser<\/h2>\t\t\t\t<\/div>\n\t\t\t\t<\/div>\n\t\t\t\t<div class=\"elementor-element elementor-element-eeed64a elementor-widget elementor-widget-heading\" data-id=\"eeed64a\" data-element_type=\"widget\" data-e-type=\"widget\" data-widget_type=\"heading.default\">\n\t\t\t\t<div class=\"elementor-widget-container\">\n\t\t\t\t\t<h3 class=\"elementor-heading-title elementor-size-default\">Der Krippenschnitzer\n\n<\/h3>\t\t\t\t<\/div>\n\t\t\t\t<\/div>\n\t\t\t\t<div class=\"elementor-element elementor-element-3bdcb0d elementor-widget elementor-widget-text-editor\" data-id=\"3bdcb0d\" data-element_type=\"widget\" data-e-type=\"widget\" data-widget_type=\"text-editor.default\">\n\t\t\t\t<div class=\"elementor-widget-container\">\n\t\t\t\t\t\t\t\t\t<p class=\"p2\">Geboren am 26. Juli 1895 in Meran. Ausbildung zum Kaufmann. Als Krippenschnitzer Autodidakt. Seine erste grosse Krippe (die sp\u00e4tere Krippe des Diorama Bethlehem) erstellt er in den Jahren 1930 bis 1937 auf Schloss Neuhaus bei Gais\/Bruneck. 1939 zieht er nach Innsbruck. 1952 Verkauf der Figuren nach Einsiedeln. 1954 bis 1958 Bau einer zweiten grossen Krippe unter Verwendung von Krippenberg und Hintergrundgem\u00e4lde der ersten. P\u00f6ttmesser stirbt am 24. Mai 1977.<\/p><p class=\"p2\">Grosskrippen in Einsiedeln, Schweiz, und in Steyr\/Christkindl, \u00d6sterreich.<\/p>\t\t\t\t\t\t\t\t<\/div>\n\t\t\t\t<\/div>\n\t\t\t\t\t<\/div>\n\t\t\t\t<\/div>\n\t\t\t\t\t<\/div>\n\t\t\t\t<\/div>\n\t\t<div class=\"elementor-element elementor-element-2bc17f2 e-flex e-con-boxed e-con e-child\" data-id=\"2bc17f2\" data-element_type=\"container\" data-e-type=\"container\" data-settings=\"{&quot;animation&quot;:&quot;none&quot;}\">\n\t\t\t\t\t<div class=\"e-con-inner\">\n\t\t\t\t<div class=\"elementor-element elementor-element-6c5bebb elementor-widget__width-initial elementor-widget elementor-widget-image\" data-id=\"6c5bebb\" data-element_type=\"widget\" data-e-type=\"widget\" data-settings=\"{&quot;_animation&quot;:&quot;none&quot;}\" data-widget_type=\"image.default\">\n\t\t\t\t<div class=\"elementor-widget-container\">\n\t\t\t\t\t\t\t\t\t\t\t\t\t\t\t<img decoding=\"async\" width=\"150\" height=\"182\" src=\"https:\/\/www.diorama.ch\/diorama\/wp-content\/uploads\/2023\/08\/batholomaeus-wappmannsberger.jpeg\" class=\"attachment-large size-large wp-image-332\" alt=\"Bartholomaeus Wappmannsberger\" \/>\t\t\t\t\t\t\t\t\t\t\t\t\t\t\t<\/div>\n\t\t\t\t<\/div>\n\t\t<div class=\"elementor-element elementor-element-3089a8e e-flex e-con-boxed e-con e-child\" data-id=\"3089a8e\" data-element_type=\"container\" data-e-type=\"container\" data-settings=\"{&quot;animation&quot;:&quot;none&quot;}\">\n\t\t\t\t\t<div class=\"e-con-inner\">\n\t\t\t\t<div class=\"elementor-element elementor-element-44cf643 elementor-widget elementor-widget-heading\" data-id=\"44cf643\" data-element_type=\"widget\" data-e-type=\"widget\" data-widget_type=\"heading.default\">\n\t\t\t\t<div class=\"elementor-widget-container\">\n\t\t\t\t\t<h2 class=\"elementor-heading-title elementor-size-default\">Bartholom\u00e4us Wappmannsberger\n<\/h2>\t\t\t\t<\/div>\n\t\t\t\t<\/div>\n\t\t\t\t<div class=\"elementor-element elementor-element-2cfc0dc elementor-widget elementor-widget-heading\" data-id=\"2cfc0dc\" data-element_type=\"widget\" data-e-type=\"widget\" data-widget_type=\"heading.default\">\n\t\t\t\t<div class=\"elementor-widget-container\">\n\t\t\t\t\t<h3 class=\"elementor-heading-title elementor-size-default\">Der Kunstmaler<\/h3>\t\t\t\t<\/div>\n\t\t\t\t<\/div>\n\t\t\t\t<div class=\"elementor-element elementor-element-9b79b7d elementor-widget elementor-widget-text-editor\" data-id=\"9b79b7d\" data-element_type=\"widget\" data-e-type=\"widget\" data-widget_type=\"text-editor.default\">\n\t\t\t\t<div class=\"elementor-widget-container\">\n\t\t\t\t\t\t\t\t\t<p class=\"p1\">Geboren am 15. Dezember 1894 in Prien am Chiemsee. 1909 bis 1914 Ausbildung als Maler und Vergolder. 1914 bis 1916 Arbeit als Kirchenmaler in Alt\u00f6tting. 1919 bis 1921 Studium an der staatlichen Kunstgewerbeschule M\u00fcnchen. 1921 bis 1924 Studium an der Akademie der Bildenden K\u00fcnste in M\u00fcnchen Ab 1926 Atelier in M\u00fcnchen, nach 1945 in Prien. Wappmannsberger stirbt am 2. Februar 1984.<\/p><p class=\"p1\">Werk: Kirchenmalerei, Fassadenmalerei, Krippen- und andere Landschaften, Portraits.<\/p>\t\t\t\t\t\t\t\t<\/div>\n\t\t\t\t<\/div>\n\t\t\t\t\t<\/div>\n\t\t\t\t<\/div>\n\t\t\t\t\t<\/div>\n\t\t\t\t<\/div>\n\t\t<div class=\"elementor-element elementor-element-d9f2e73 e-flex e-con-boxed e-con e-child\" data-id=\"d9f2e73\" data-element_type=\"container\" data-e-type=\"container\" data-settings=\"{&quot;animation&quot;:&quot;none&quot;}\">\n\t\t\t\t\t<div class=\"e-con-inner\">\n\t\t\t\t<div class=\"elementor-element elementor-element-92ee486 elementor-widget__width-initial elementor-widget elementor-widget-image\" data-id=\"92ee486\" data-element_type=\"widget\" data-e-type=\"widget\" data-settings=\"{&quot;_animation&quot;:&quot;none&quot;}\" data-widget_type=\"image.default\">\n\t\t\t\t<div class=\"elementor-widget-container\">\n\t\t\t\t\t\t\t\t\t\t\t\t\t\t\t<img decoding=\"async\" width=\"145\" height=\"180\" src=\"https:\/\/www.diorama.ch\/diorama\/wp-content\/uploads\/2023\/08\/reinhold-zellner.jpeg\" class=\"attachment-large size-large wp-image-334\" alt=\"Reinhold Zellner\" \/>\t\t\t\t\t\t\t\t\t\t\t\t\t\t\t<\/div>\n\t\t\t\t<\/div>\n\t\t<div class=\"elementor-element elementor-element-2fc88ec e-flex e-con-boxed e-con e-child\" data-id=\"2fc88ec\" data-element_type=\"container\" data-e-type=\"container\" data-settings=\"{&quot;animation&quot;:&quot;none&quot;}\">\n\t\t\t\t\t<div class=\"e-con-inner\">\n\t\t\t\t<div class=\"elementor-element elementor-element-40eaa1f elementor-widget elementor-widget-heading\" data-id=\"40eaa1f\" data-element_type=\"widget\" data-e-type=\"widget\" data-widget_type=\"heading.default\">\n\t\t\t\t<div class=\"elementor-widget-container\">\n\t\t\t\t\t<h2 class=\"elementor-heading-title elementor-size-default\">Reinhold Zellner<\/h2>\t\t\t\t<\/div>\n\t\t\t\t<\/div>\n\t\t\t\t<div class=\"elementor-element elementor-element-a0a6603 elementor-widget elementor-widget-heading\" data-id=\"a0a6603\" data-element_type=\"widget\" data-e-type=\"widget\" data-widget_type=\"heading.default\">\n\t\t\t\t<div class=\"elementor-widget-container\">\n\t\t\t\t\t<h3 class=\"elementor-heading-title elementor-size-default\">Der Plastiker<\/h3>\t\t\t\t<\/div>\n\t\t\t\t<\/div>\n\t\t\t\t<div class=\"elementor-element elementor-element-b1ed9db elementor-widget elementor-widget-text-editor\" data-id=\"b1ed9db\" data-element_type=\"widget\" data-e-type=\"widget\" data-widget_type=\"text-editor.default\">\n\t\t\t\t<div class=\"elementor-widget-container\">\n\t\t\t\t\t\t\t\t\t<p class=\"p1\">Geboren am 13. April 1903 in M\u00fcnchen. Lehre als Holzbildhauer. Ab 1921 Studium an der Staatshochschule f\u00fcr angewandte Kunst und Gesellschafter im Hause des Grafen Courten. 1939 \u00dcbersiedlung an den Tegernsee als selbst\u00e4ndiger K\u00fcnstler. Nach dem 2. Weltkrieg als Krippenk\u00fcnstler t\u00e4tig; zuerst in M\u00fcnchen, ab 1957 in Alt\u00f6tting. Zellner stirbt am 6. April 1990.<\/p><p class=\"p1\">Werk: M\u00fcnchner Stadtkrippe im Innenhof des Rathauses. <span class=\"s1\">\u201c<\/span>Alt\u00f6ttinger Schau\u201d (Geschichte der Wallfahrt in Alt\u00f6tting). M\u00fcnchner Zinnfigurendioramen sowie unz\u00e4hlige Krippen.<\/p>\t\t\t\t\t\t\t\t<\/div>\n\t\t\t\t<\/div>\n\t\t\t\t\t<\/div>\n\t\t\t\t<\/div>\n\t\t\t\t\t<\/div>\n\t\t\t\t<\/div>\n\t\t<div class=\"elementor-element elementor-element-838c6c6 e-flex e-con-boxed e-con e-child\" data-id=\"838c6c6\" data-element_type=\"container\" data-e-type=\"container\" data-settings=\"{&quot;animation&quot;:&quot;none&quot;}\">\n\t\t\t\t\t<div class=\"e-con-inner\">\n\t\t\t\t<div class=\"elementor-element elementor-element-f2c3a0e elementor-widget__width-initial elementor-widget elementor-widget-image\" data-id=\"f2c3a0e\" data-element_type=\"widget\" data-e-type=\"widget\" data-settings=\"{&quot;_animation&quot;:&quot;none&quot;}\" data-widget_type=\"image.default\">\n\t\t\t\t<div class=\"elementor-widget-container\">\n\t\t\t\t\t\t\t\t\t\t\t\t\t\t\t<img loading=\"lazy\" decoding=\"async\" width=\"158\" height=\"180\" src=\"https:\/\/www.diorama.ch\/diorama\/wp-content\/uploads\/2023\/08\/wilhelm-doederlein.jpeg\" class=\"attachment-large size-large wp-image-335\" alt=\"Willhelm D\u00c3\u0192\u00c6\u2019\u00c3\u201a\u00c2\u00b6derlein\" \/>\t\t\t\t\t\t\t\t\t\t\t\t\t\t\t<\/div>\n\t\t\t\t<\/div>\n\t\t<div class=\"elementor-element elementor-element-f295230 e-flex e-con-boxed e-con e-child\" data-id=\"f295230\" data-element_type=\"container\" data-e-type=\"container\" data-settings=\"{&quot;animation&quot;:&quot;none&quot;}\">\n\t\t\t\t\t<div class=\"e-con-inner\">\n\t\t\t\t<div class=\"elementor-element elementor-element-5c88b0b elementor-widget elementor-widget-heading\" data-id=\"5c88b0b\" data-element_type=\"widget\" data-e-type=\"widget\" data-widget_type=\"heading.default\">\n\t\t\t\t<div class=\"elementor-widget-container\">\n\t\t\t\t\t<h2 class=\"elementor-heading-title elementor-size-default\">Dr. Wilhelm D\u00f6derlein\n<\/h2>\t\t\t\t<\/div>\n\t\t\t\t<\/div>\n\t\t\t\t<div class=\"elementor-element elementor-element-84de4c4 elementor-widget elementor-widget-heading\" data-id=\"84de4c4\" data-element_type=\"widget\" data-e-type=\"widget\" data-widget_type=\"heading.default\">\n\t\t\t\t<div class=\"elementor-widget-container\">\n\t\t\t\t\t<h3 class=\"elementor-heading-title elementor-size-default\">Der k\u00fcnstlerische Gesamtleiter\n\n<\/h3>\t\t\t\t<\/div>\n\t\t\t\t<\/div>\n\t\t\t\t<div class=\"elementor-element elementor-element-219a9f1 elementor-widget elementor-widget-text-editor\" data-id=\"219a9f1\" data-element_type=\"widget\" data-e-type=\"widget\" data-widget_type=\"text-editor.default\">\n\t\t\t\t<div class=\"elementor-widget-container\">\n\t\t\t\t\t\t\t\t\t<p class=\"p1\">Geboren am 2. Mai 1903 in M\u00fcnchen. Studium der Kunstgeschichte an der Universit\u00e4t M\u00fcnchen. Nach anf\u00e4nglicher T\u00e4tigkeit f\u00fcr die bayrische Landesstelle f\u00fcr Volkskunde wird er 1945 vom Bayrischen Nationalmuseum in M\u00fcnchen mit der Restaurierung und dem Wiederaufbau der im Krieg teilweise zerst\u00f6rten Schmederer-Krippensammlung betraut. Ab 1949 Konservator und zust\u00e4ndig f\u00fcr die volkskundliche Abteilung des Bayrischen Nationalmuseums in M\u00fcnchen. D\u00f6derlein stirbt am 11. Juli 1964.<\/p><p class=\"p1\">Werk: Krippenfilme: \u00abStern von Bethlehem\u00bb, \u00abDie Passion\u00bb, \u00abFriede auf Erden\u00bb. Schriften: \u00abVom Krippenbauen\u00bb (gemeinsam mit Wilhelm Lessig), \u00abKempten 1950\u00bb; \u00abAlte Krippen\u00bb, M\u00fcnchen 1960; \u00abKrippengeschichten\u00bb, M\u00fcnchen 1963.<\/p>\t\t\t\t\t\t\t\t<\/div>\n\t\t\t\t<\/div>\n\t\t\t\t\t<\/div>\n\t\t\t\t<\/div>\n\t\t\t\t\t<\/div>\n\t\t\t\t<\/div>\n\t\t\t\t\t<\/div>\n\t\t\t\t<\/div>\n\t\t<div class=\"elementor-element elementor-element-c546d9c e-flex e-con-boxed e-con e-parent\" data-id=\"c546d9c\" data-element_type=\"container\" data-e-type=\"container\" data-settings=\"{&quot;background_background&quot;:&quot;classic&quot;}\">\n\t\t\t\t\t<div class=\"e-con-inner\">\n\t\t\t\t\t<\/div>\n\t\t\t\t<\/div>\n\t\t<div class=\"elementor-element elementor-element-f53d6ae e-flex e-con-boxed e-con e-parent\" data-id=\"f53d6ae\" data-element_type=\"container\" data-e-type=\"container\">\n\t\t\t\t\t<div class=\"e-con-inner\">\n\t\t\t\t<div class=\"elementor-element elementor-element-8309c3b elementor-widget elementor-widget-heading\" data-id=\"8309c3b\" data-element_type=\"widget\" data-e-type=\"widget\" data-widget_type=\"heading.default\">\n\t\t\t\t<div class=\"elementor-widget-container\">\n\t\t\t\t\t<h2 class=\"elementor-heading-title elementor-size-default\">Die Krippe in Fakten &amp; Zahlen<\/h2>\t\t\t\t<\/div>\n\t\t\t\t<\/div>\n\t\t\t\t<div class=\"elementor-element elementor-element-0a583ef elementor-widget elementor-widget-text-editor\" data-id=\"0a583ef\" data-element_type=\"widget\" data-e-type=\"widget\" data-widget_type=\"text-editor.default\">\n\t\t\t\t<div class=\"elementor-widget-container\">\n\t\t\t\t\t\t\t\t\t<p class=\"p1\">Die Darstellung im DIORAMA \u00fcberrascht nicht nur mit der detailreichen Umsetzung der Weihnachtserz\u00e4hlung, sondern ebenfalls mit der Gr\u00f6sse und den technischen Daten. Das Geb\u00e4ude wurde eigens f\u00fcr die bereits bestehende Krippe geplant und gebaut.<\/p>\n\n<h3>Die Figuren<\/h3>\n<ul>\n \t<li><span class=\"s2\">Anzahl: zirka 500<\/span><\/li>\n \t<li><span class=\"s2\">Gr\u00f6sse: 5 cm bis 40 cm<\/span><\/li>\n \t<li><span class=\"s2\">Material: Holz mit beweglichen K\u00f6rperteilen, Textilbekleidung<\/span><\/li>\n<\/ul>\n<h3><\/h3>\n<h3>Der Hintergrund<\/h3>\n<ul>\n \t<li>L\u00e4nge: 35 m<\/li>\n \t<li>Tiefe: 4.5 m in der Mitte, 2 m seitlich<\/li>\n \t<li>Untergrund: Mauerputz<\/li>\n<\/ul>\n<h3><\/h3>\n<h3>Die plastische Landschaft<\/h3>\n<ul>\n \t<li>Grundfl\u00e4che: ca. 80 m\u00b2<\/li>\n \t<li>Material: Sacktuch, Gips<\/li>\n \t<li>Unterbau: Holz, Maschendraht<\/li>\n<\/ul>\n<h3><\/h3>\n<h3>Die Beleuchtung<\/h3>\n<ul>\n \t<li>Typ: B\u00fchnenscheinwerfer PAR 38, Daylight Lampen<\/li>\n \t<li>Filter: diverse Gelbfilter, Rot- und Blaufilter f\u00fcr Effekte<\/li>\n \t<li>Leistung: 300 Watt<\/li>\n<\/ul>\n<h3><\/h3>\n<h3><\/h3>\t\t\t\t\t\t\t\t<\/div>\n\t\t\t\t<\/div>\n\t\t\t\t\t<\/div>\n\t\t\t\t<\/div>\n\t\t<div class=\"elementor-element elementor-element-182f71b e-flex e-con-boxed e-con e-parent\" data-id=\"182f71b\" data-element_type=\"container\" data-e-type=\"container\" data-settings=\"{&quot;background_background&quot;:&quot;classic&quot;}\">\n\t\t\t\t\t<div class=\"e-con-inner\">\n\t\t\t\t\t<\/div>\n\t\t\t\t<\/div>\n\t\t<div class=\"elementor-element elementor-element-7ea3983 e-flex e-con-boxed e-con e-parent\" data-id=\"7ea3983\" data-element_type=\"container\" data-e-type=\"container\">\n\t\t\t\t\t<div class=\"e-con-inner\">\n\t\t<div class=\"elementor-element elementor-element-a06af6c e-flex e-con-boxed e-con e-child\" data-id=\"a06af6c\" data-element_type=\"container\" data-e-type=\"container\">\n\t\t\t\t\t<div class=\"e-con-inner\">\n\t\t\t\t<div class=\"elementor-element elementor-element-e4afb50 elementor-widget elementor-widget-heading\" data-id=\"e4afb50\" data-element_type=\"widget\" data-e-type=\"widget\" data-widget_type=\"heading.default\">\n\t\t\t\t<div class=\"elementor-widget-container\">\n\t\t\t\t\t<h2 class=\"elementor-heading-title elementor-size-default\">Weiterf\u00fchrende Links\n<\/h2>\t\t\t\t<\/div>\n\t\t\t\t<\/div>\n\t\t\t\t<div class=\"elementor-element elementor-element-2709656 elementor-widget elementor-widget-text-editor\" data-id=\"2709656\" data-element_type=\"widget\" data-e-type=\"widget\" data-widget_type=\"text-editor.default\">\n\t\t\t\t<div class=\"elementor-widget-container\">\n\t\t\t\t\t\t\t\t\t<ul><li class=\"li1\"><span class=\"s1\"><a href=\"https:\/\/www.krippen.ch\/de\/\" target=\"_blank\" rel=\"noopener\"><span class=\"s2\">Schweizerische Vereinigung der Krippenfreunde <\/span><\/a><\/span>ist der nationale Krippenverein der Schweiz. Viel Wissenswertes zu Krippen in der Schweiz.<\/li><li class=\"li1\"><a href=\"https:\/\/www.welt-krippensammlung.ch\/\" target=\"_blank\" rel=\"noopener\"><span class=\"s2\">Miniaturkrippen :\u00a0<\/span><\/a><span class=\"s3\">Welt-Miniaturkrippen L. Flachsmann-Baumgartner<\/span><\/li><li class=\"li1\"><a href=\"https:\/\/www.krippenfreunde.li\/\" target=\"_blank\" rel=\"noopener\"><span class=\"s2\">Verein der Krippenfreunde Liechtensteins<\/span><\/a><\/li><li class=\"li1\"><a href=\"https:\/\/museums.ch\/\" target=\"_blank\" rel=\"noopener\"><span class=\"s2\">Museums-Plattform <\/span><\/a>der Museen in der Schweiz<\/li><li class=\"li1\"><span class=\"s3\">Alles, was Sie schon immer \u00fcber Weihnachtskrippen wissen wollten!\u00a0<b><i>Geschichte der Krippe<\/i><\/b>, Varianten, Bedeutung und Symbolik der Figuren \u2026<br \/><a href=\"http:\/\/www.weihnachtskrippen-link.de\" target=\"_blank\" rel=\"noopener\"><span class=\"s4\">www.weihnachtskrippen-link.de\/<\/span><\/a><\/span><\/li><li class=\"li1\"><span class=\"s3\">Die weltber\u00fchmte Krippensammlung des\u00a0<b><i>Bayerischen Nationalmuseums<\/i><\/b>. Es besitzt die k\u00fcnstlerisch wertvollste und in dieser Qualit\u00e4t umfangreichste Krippensammlung der Welt.\u00a0<a href=\"http:\/\/www.bayerisches-nationalmuseum.de\/index.php?id=287\" target=\"_blank\" rel=\"noopener\"><span class=\"s4\">www.bayerisches-nationalmuseum.de<\/span><\/a><\/span><\/li><li class=\"li1\"><span class=\"s3\">Ein guter \u00dcberblick findet sich auch auf\u00a0<b><i>Wikipedia<\/i><\/b>:\u00a0<a href=\"https:\/\/de.wikipedia.org\/wiki\/Weihnachtskrippe\" target=\"_blank\" rel=\"noopener\"><span class=\"s4\">&gt; Weihnachtskrippe<\/span><\/a><\/span><\/li><li class=\"li1\"><span class=\"s3\">Die\u00a0<b><i>Schirn Kunsthalle Frankfurt<\/i><\/b>\u00a0widmete dem Thema Diorama 2017 eine spannende Ausstellung:\u00a0<a href=\"https:\/\/www.schirn.de\/ausstellungen\/2017\/diorama\" target=\"_blank\" rel=\"noopener\"><span class=\"s4\">DIORAMA. ERFINDUNG EINER ILLUSION<\/span><\/a>\u00a0(6. Okt. 2017 bis 21. Januar 2018).<\/span><\/li><\/ul>\t\t\t\t\t\t\t\t<\/div>\n\t\t\t\t<\/div>\n\t\t\t\t\t<\/div>\n\t\t\t\t<\/div>\n\t\t\t\t\t<\/div>\n\t\t\t\t<\/div>\n\t\t\t\t<\/div>\n\t\t","protected":false},"excerpt":{"rendered":"<p>Die Weihnachtskrippe Handgeschnitzte Figuren, historische Alltagszenen und biblische Opulenz Die Darstellung ist in vier Episoden eingeteilt: Die Szenerie beginnt mit dem Hirtenfeld, wo die Engel die Geburt Christi verk\u00c3\u0192\u00c2\u00bcnden. In der Mitte ist die Geburtsh\u00c3\u0192\u00c2\u00b6hle mit Maria, Joseph und dem Jesuskind. Es folgt die Ankunft der Heiligen Drei K\u00c3\u0192\u00c2\u00b6nige und ihrer Karawane. Die Geschichte endet [&hellip;]<\/p>\n","protected":false},"author":1,"featured_media":0,"parent":0,"menu_order":0,"comment_status":"closed","ping_status":"closed","template":"elementor_header_footer","meta":{"_price":"","_stock":"","_tribe_ticket_header":"","_tribe_default_ticket_provider":"","_tribe_ticket_capacity":"0","_ticket_start_date":"","_ticket_end_date":"","_tribe_ticket_show_description":"","_tribe_ticket_show_not_going":false,"_tribe_ticket_use_global_stock":"","_tribe_ticket_global_stock_level":"","_global_stock_mode":"","_global_stock_cap":"","_tribe_rsvp_for_event":"","_tribe_ticket_going_count":"","_tribe_ticket_not_going_count":"","_tribe_tickets_list":"[]","_tribe_ticket_has_attendee_info_fields":false,"footnotes":"","_tec_slr_enabled":"","_tec_slr_layout":""},"class_list":["post-186","page","type-page","status-publish","hentry"],"ticketed":false,"_links":{"self":[{"href":"https:\/\/www.diorama.ch\/diorama\/wp-json\/wp\/v2\/pages\/186","targetHints":{"allow":["GET"]}}],"collection":[{"href":"https:\/\/www.diorama.ch\/diorama\/wp-json\/wp\/v2\/pages"}],"about":[{"href":"https:\/\/www.diorama.ch\/diorama\/wp-json\/wp\/v2\/types\/page"}],"author":[{"embeddable":true,"href":"https:\/\/www.diorama.ch\/diorama\/wp-json\/wp\/v2\/users\/1"}],"replies":[{"embeddable":true,"href":"https:\/\/www.diorama.ch\/diorama\/wp-json\/wp\/v2\/comments?post=186"}],"version-history":[{"count":178,"href":"https:\/\/www.diorama.ch\/diorama\/wp-json\/wp\/v2\/pages\/186\/revisions"}],"predecessor-version":[{"id":3038,"href":"https:\/\/www.diorama.ch\/diorama\/wp-json\/wp\/v2\/pages\/186\/revisions\/3038"}],"wp:attachment":[{"href":"https:\/\/www.diorama.ch\/diorama\/wp-json\/wp\/v2\/media?parent=186"}],"curies":[{"name":"wp","href":"https:\/\/api.w.org\/{rel}","templated":true}]}}